{"id":272,"date":"2024-07-25T17:02:09","date_gmt":"2024-07-25T17:02:09","guid":{"rendered":"https:\/\/www.fasteasy.es\/?page_id=272"},"modified":"2024-08-01T14:43:57","modified_gmt":"2024-08-01T14:43:57","slug":"politica-de-privacidad","status":"publish","type":"page","link":"https:\/\/www.fasteasy.es\/ca\/politica-de-privacidad\/","title":{"rendered":"Pol\u00edtica de privadesa"},"content":{"rendered":"<div data-elementor-type=\"wp-page\" data-elementor-id=\"272\" class=\"elementor elementor-272\" data-elementor-post-type=\"page\">\n\t\t\t\t\t\t<section class=\"elementor-section elementor-top-section elementor-element elementor-element-e49b98d elementor-section-boxed elementor-section-height-default elementor-section-height-default\" data-id=\"e49b98d\" data-element_type=\"section\" data-e-type=\"section\">\n\t\t\t\t\t\t<div class=\"elementor-container elementor-column-gap-default\">\n\t\t\t\t\t<div class=\"elementor-column elementor-col-100 elementor-top-column elementor-element elementor-element-37e9b289\" data-id=\"37e9b289\" data-element_type=\"column\" data-e-type=\"column\">\n\t\t\t<div class=\"elementor-widget-wrap elementor-element-populated\">\n\t\t\t\t\t\t<div class=\"elementor-element elementor-element-92b66e7 elementor-widget elementor-widget-spacer\" data-id=\"92b66e7\" data-element_type=\"widget\" data-e-type=\"widget\" data-widget_type=\"spacer.default\">\n\t\t\t\t<div class=\"elementor-widget-container\">\n\t\t\t\t\t\t\t<div class=\"elementor-spacer\">\n\t\t\t<div class=\"elementor-spacer-inner\"><\/div>\n\t\t<\/div>\n\t\t\t\t\t\t<\/div>\n\t\t\t\t<\/div>\n\t\t\t\t\t<\/div>\n\t\t<\/div>\n\t\t\t\t\t<\/div>\n\t\t<\/section>\n\t\t\t\t<section class=\"elementor-section elementor-top-section elementor-element elementor-element-5d58f761 elementor-section-boxed elementor-section-height-default elementor-section-height-default\" data-id=\"5d58f761\" data-element_type=\"section\" data-e-type=\"section\">\n\t\t\t\t\t\t<div class=\"elementor-container elementor-column-gap-default\">\n\t\t\t\t\t<div class=\"elementor-column elementor-col-100 elementor-top-column elementor-element elementor-element-150ddf8c\" data-id=\"150ddf8c\" data-element_type=\"column\" data-e-type=\"column\">\n\t\t\t<div class=\"elementor-widget-wrap elementor-element-populated\">\n\t\t\t\t\t\t<div class=\"elementor-element elementor-element-14d84d28 elementor-widget elementor-widget-heading\" data-id=\"14d84d28\" data-element_type=\"widget\" data-e-type=\"widget\" data-widget_type=\"heading.default\">\n\t\t\t\t<div class=\"elementor-widget-container\">\n\t\t\t\t\t<h2 class=\"elementor-heading-title elementor-size-default\">Pol\u00edtica de privadesa<\/h2>\t\t\t\t<\/div>\n\t\t\t\t<\/div>\n\t\t\t\t\t<\/div>\n\t\t<\/div>\n\t\t\t\t\t<\/div>\n\t\t<\/section>\n\t\t\t\t<section class=\"elementor-section elementor-top-section elementor-element elementor-element-62cb1e8c elementor-section-boxed elementor-section-height-default elementor-section-height-default\" data-id=\"62cb1e8c\" data-element_type=\"section\" data-e-type=\"section\">\n\t\t\t\t\t\t<div class=\"elementor-container elementor-column-gap-default\">\n\t\t\t\t\t<div class=\"elementor-column elementor-col-100 elementor-top-column elementor-element elementor-element-42f3e234\" data-id=\"42f3e234\" data-element_type=\"column\" data-e-type=\"column\">\n\t\t\t<div class=\"elementor-widget-wrap elementor-element-populated\">\n\t\t\t\t\t\t<div class=\"elementor-element elementor-element-5732d298 elementor-widget elementor-widget-text-editor\" data-id=\"5732d298\" data-element_type=\"widget\" data-e-type=\"widget\" data-widget_type=\"text-editor.default\">\n\t\t\t\t<div class=\"elementor-widget-container\">\n\t\t\t\t\t\t\t\t\t<p>Ivan Perez Prieto, en endavant <strong>Fast&amp;Easy,<\/strong> treballem per garantir la privadesa en el tractament de les seves dades personals. Hem actualitzat la nostra Pol\u00edtica de Privadesa per informar clarament de com recaptem, utilitzem i custodiem les dades de les persones que contacten amb la nostra empresa:<\/p><ul class=\"lista-texto font4 f-slim\"><li>Responsable del tractament<\/li><li>Finalitats del tractament de dades<\/li><li>Per\u00edode de conservaci\u00f3 de dades<\/li><li>Legitimaci\u00f3 per al tractament de dades<\/li><li>Comunicaci\u00f3 de dades<\/li><li>Transfer\u00e8ncies internacionals de dades<\/li><li>Els seus drets<\/li><li>Obtenci\u00f3 de les vostres dades.<\/li><\/ul>\t\t\t\t\t\t\t\t<\/div>\n\t\t\t\t<\/div>\n\t\t\t\t<div class=\"elementor-element elementor-element-be718d8 elementor-widget elementor-widget-heading\" data-id=\"be718d8\" data-element_type=\"widget\" data-e-type=\"widget\" data-widget_type=\"heading.default\">\n\t\t\t\t<div class=\"elementor-widget-container\">\n\t\t\t\t\t<h2 class=\"elementor-heading-title elementor-size-default\">Qui \u00e9s el responsable del tractament de les vostres dades?\n\n<\/h2>\t\t\t\t<\/div>\n\t\t\t\t<\/div>\n\t\t\t\t<div class=\"elementor-element elementor-element-38454528 elementor-widget elementor-widget-text-editor\" data-id=\"38454528\" data-element_type=\"widget\" data-e-type=\"widget\" data-widget_type=\"text-editor.default\">\n\t\t\t\t<div class=\"elementor-widget-container\">\n\t\t\t\t\t\t\t\t\t<ul><li>Denominaci\u00f3 social \u00e9s: Ivan Perez Prieto<\/li><li>DNI \u00e9s: 46721410S<\/li><li>Domicili social \u00e9s a: Carrer Marina, Nau 1. Poligono Industrial Feliu Vila, Premia de Dalt<\/li><li>Mail: info@fasteasy.com<\/li><\/ul>\t\t\t\t\t\t\t\t<\/div>\n\t\t\t\t<\/div>\n\t\t\t\t<div class=\"elementor-element elementor-element-240a473c elementor-widget elementor-widget-heading\" data-id=\"240a473c\" data-element_type=\"widget\" data-e-type=\"widget\" data-widget_type=\"heading.default\">\n\t\t\t\t<div class=\"elementor-widget-container\">\n\t\t\t\t\t<h2 class=\"elementor-heading-title elementor-size-default\">Amb quina finalitat tractem les vostres dades personals?\n\n<\/h2>\t\t\t\t<\/div>\n\t\t\t\t<\/div>\n\t\t\t\t<div class=\"elementor-element elementor-element-cb78015 elementor-widget elementor-widget-text-editor\" data-id=\"cb78015\" data-element_type=\"widget\" data-e-type=\"widget\" data-widget_type=\"text-editor.default\">\n\t\t\t\t<div class=\"elementor-widget-container\">\n\t\t\t\t\t\t\t\t\t<p>A <strong>Fast&amp;Easy<\/strong> el tractament es realitza amb les seg\u00fcents finalitats, en funci\u00f3 del motiu pel qual ens els hagi facilitat:<\/p><p>1. Gestionar dades facilitades directament pel propi interessat, a nivell particular, per informar-lo dels nostres productes i serveis, donar resposta a la seva sol\u00b7licitud, petici\u00f3 o consulta i fer-ne un seguiment posterior.<\/p><p>2. Gestionar, les dades proporcionades pel pacient en el moment de contractar els nostres serveis, a nivell organitzatiu, comptable, fiscal i administratiu, aix\u00ed com per informar-vos sobre serveis, esdeveniments i not\u00edcies relacionades amb la nostra activitat professional que puguin ser del vostre inter\u00e8s.<\/p><p>3. Gestionar les dades particulars de l&#039;USUARI per la seva participaci\u00f3 en els diferents esdeveniments i activitats que organitzem i ens hagin autoritzat per informar-vos sobre altres activitats o esdeveniments que puguem organitzar i que puguin ser del vostre inter\u00e8s.<\/p><p>4. Realitzar, si escau, el perfil d&#039;USUARI per oferir-vos els nostres productes i serveis.<\/p>\t\t\t\t\t\t\t\t<\/div>\n\t\t\t\t<\/div>\n\t\t\t\t<div class=\"elementor-element elementor-element-11b2b372 elementor-widget elementor-widget-heading\" data-id=\"11b2b372\" data-element_type=\"widget\" data-e-type=\"widget\" data-widget_type=\"heading.default\">\n\t\t\t\t<div class=\"elementor-widget-container\">\n\t\t\t\t\t<h2 class=\"elementor-heading-title elementor-size-default\">Per quant de temps conservarem les vostres dades?\n\n<\/h2>\t\t\t\t<\/div>\n\t\t\t\t<\/div>\n\t\t\t\t<div class=\"elementor-element elementor-element-37f9c80 elementor-widget elementor-widget-text-editor\" data-id=\"37f9c80\" data-element_type=\"widget\" data-e-type=\"widget\" data-widget_type=\"text-editor.default\">\n\t\t\t\t<div class=\"elementor-widget-container\">\n\t\t\t\t\t\t\t\t\t<ul class=\"lista-texto font4 f-slim\"><li>Les dades per a la gesti\u00f3 de la relaci\u00f3 amb el pacient i la facturaci\u00f3 i cobrament dels serveis seran conservades durant tot el temps en qu\u00e8 el contracte sigui vigent. Un cop finalitzada aquesta relaci\u00f3, si escau, les dades podran ser conservades durant el temps exigit per la legislaci\u00f3 aplicable i fins que prescriguin les eventuals responsabilitats derivades del contracte.<\/li><li>Les dades relatives a publicacions de comentaris sobre els nostres productes es mantindran durant la vig\u00e8ncia i publicitat dels productes o serveis a qu\u00e8 fan refer\u00e8ncia, llevat que se n&#039;expressi el desig que siguin eliminats en qualsevol moment.<\/li><li>Les dades per a la participaci\u00f3 en esdeveniments i activitats es conservaran durant el temps necessari per a les finalitats descrites, llevat que se n&#039;hagi oposat al tractament o les hagi cancel\u00b7lat pr\u00e8viament.<\/li><li>Les dades per a l&#039;enviament de comunicacions comercials i elaboraci\u00f3 de perfils comercials dels nostres productes o serveis seran conservats indefinidament fins que, si escau, ens manifestin la voluntat de suprimir-los.<\/li><\/ul>\t\t\t\t\t\t\t\t<\/div>\n\t\t\t\t<\/div>\n\t\t\t\t<div class=\"elementor-element elementor-element-2194562d elementor-widget elementor-widget-heading\" data-id=\"2194562d\" data-element_type=\"widget\" data-e-type=\"widget\" data-widget_type=\"heading.default\">\n\t\t\t\t<div class=\"elementor-widget-container\">\n\t\t\t\t\t<h2 class=\"elementor-heading-title elementor-size-default\">Quina \u00e9s la legitimaci\u00f3 per al tractament de les vostres dades?\n\n<\/h2>\t\t\t\t<\/div>\n\t\t\t\t<\/div>\n\t\t\t\t<div class=\"elementor-element elementor-element-3cf2a23c elementor-widget elementor-widget-text-editor\" data-id=\"3cf2a23c\" data-element_type=\"widget\" data-e-type=\"widget\" data-widget_type=\"text-editor.default\">\n\t\t\t\t<div class=\"elementor-widget-container\">\n\t\t\t\t\t\t\t\t\t<p>La base legal per al tractament de les vostres dades de les finalitats 1 a 3 \u00e9s l&#039;execuci\u00f3 contractual de la prestaci\u00f3 del servei corresponent.<br \/>L&#039;oferta prospectiva de productes i serveis a pacients t\u00e9 com a base la satisfacci\u00f3 de l&#039;inter\u00e8s leg\u00edtim empresarial consistent a oferir als nostres pacients la contractaci\u00f3 d&#039;altres productes o serveis i aconseguir aix\u00ed la seva fidelitzaci\u00f3. Aquest inter\u00e8s leg\u00edtim es reconeix per la normativa legal aplicable (Reglament General de Protecci\u00f3 de Dades), que permet expressament el tractament de dades personals sobre aquesta base legal amb fins de m\u00e0rqueting directe.<\/p><p><br \/>No obstant aix\u00f2, us recordem que teniu dret a oposar-vos a aquest tractament de les vostres dades, podent fer-ho per qualsevol dels mitjans descrits en aquesta Pol\u00edtica.<\/p><p>La base de l&#039;enviament de comunicacions comercials a usuaris no pacients \u00e9s el consentiment que s&#039;ha sol\u00b7licitat i es pot revocar en qualsevol moment. La retirada del consentiment esmentat no afectar\u00e0 en cap cas l&#039;execuci\u00f3 del contracte, per\u00f2 els tractaments de dades amb aquesta finalitat efectuats amb anterioritat no perdran la seva licitud pel fet que el consentiment s&#039;hagi revocat.<\/p>\t\t\t\t\t\t\t\t<\/div>\n\t\t\t\t<\/div>\n\t\t\t\t<div class=\"elementor-element elementor-element-68dc5bf3 elementor-widget elementor-widget-heading\" data-id=\"68dc5bf3\" data-element_type=\"widget\" data-e-type=\"widget\" data-widget_type=\"heading.default\">\n\t\t\t\t<div class=\"elementor-widget-container\">\n\t\t\t\t\t<h2 class=\"elementor-heading-title elementor-size-default\">A quins destinataris es comunicaran les vostres dades?\n\n<\/h2>\t\t\t\t<\/div>\n\t\t\t\t<\/div>\n\t\t\t\t<div class=\"elementor-element elementor-element-1c646cae elementor-widget elementor-widget-text-editor\" data-id=\"1c646cae\" data-element_type=\"widget\" data-e-type=\"widget\" data-widget_type=\"text-editor.default\">\n\t\t\t\t<div class=\"elementor-widget-container\">\n\t\t\t\t\t\t\t\t\t<p>No se cediran dades a tercers excepte a:<\/p><ul class=\"lista-texto font4 f-slim\"><li>Als professionals m\u00e8dics especialistes col\u00b7laboradors del centre.<\/li><li>A m\u00fatues, per a latenci\u00f3 dels serveis demandats.<\/li><li>A les entitats financeres mitjan\u00e7ant les quals s&#039;articuli la gesti\u00f3 de cobraments i pagaments.<\/li><li>A les administracions p\u00fabliques competents, en els casos previstos a la Llei i per als fins definits.<\/li><\/ul>\t\t\t\t\t\t\t\t<\/div>\n\t\t\t\t<\/div>\n\t\t\t\t<div class=\"elementor-element elementor-element-3ae3bc45 elementor-widget elementor-widget-heading\" data-id=\"3ae3bc45\" data-element_type=\"widget\" data-e-type=\"widget\" data-widget_type=\"heading.default\">\n\t\t\t\t<div class=\"elementor-widget-container\">\n\t\t\t\t\t<h2 class=\"elementor-heading-title elementor-size-default\">Transfer\u00e8ncies de dades a tercers pa\u00efsos?\n\n<\/h2>\t\t\t\t<\/div>\n\t\t\t\t<\/div>\n\t\t\t\t<div class=\"elementor-element elementor-element-43af85f9 elementor-widget elementor-widget-text-editor\" data-id=\"43af85f9\" data-element_type=\"widget\" data-e-type=\"widget\" data-widget_type=\"text-editor.default\">\n\t\t\t\t<div class=\"elementor-widget-container\">\n\t\t\t\t\t\t\t\t\t<p>No es fan transfer\u00e8ncies internacionals de dades.<\/p>\t\t\t\t\t\t\t\t<\/div>\n\t\t\t\t<\/div>\n\t\t\t\t<div class=\"elementor-element elementor-element-6a69a3dd elementor-widget elementor-widget-heading\" data-id=\"6a69a3dd\" data-element_type=\"widget\" data-e-type=\"widget\" data-widget_type=\"heading.default\">\n\t\t\t\t<div class=\"elementor-widget-container\">\n\t\t\t\t\t<h2 class=\"elementor-heading-title elementor-size-default\">Quins s\u00f3n els vostres drets quan ens facilita les vostres dades?\n\n\n<\/h2>\t\t\t\t<\/div>\n\t\t\t\t<\/div>\n\t\t\t\t<div class=\"elementor-element elementor-element-4bfadff3 elementor-widget elementor-widget-text-editor\" data-id=\"4bfadff3\" data-element_type=\"widget\" data-e-type=\"widget\" data-widget_type=\"text-editor.default\">\n\t\t\t\t<div class=\"elementor-widget-container\">\n\t\t\t\t\t\t\t\t\t<ul><li>Qualsevol persona t\u00e9 dret a obtenir confirmaci\u00f3 sobre si a <strong>Fast&amp;Easy<\/strong> estem tractant dades personals que els concerneixin, o no.<\/li><li>Les persones interessades tenen dret a accedir a les seves dades personals, aix\u00ed com a sol\u00b7licitar la rectificaci\u00f3 de les dades inexactes o, si escau, sol\u00b7licitar la seva supressi\u00f3 quan, entre altres motius, les dades ja no siguin necess\u00e0ries per als fins per als quals van ser recollits.<\/li><li>En determinades circumst\u00e0ncies, els interessats podran sol\u00b7licitar la limitaci\u00f3 del tractament de les dades o la portabilitat, en aquest cas \u00fanicament les conservarem per a l&#039;exercici o la defensa de reclamacions.<\/li><li>En determinades circumst\u00e0ncies i per motius relacionats amb la seva situaci\u00f3 particular, els interessats es poden oposar al tractament de les seves dades. En aquest cas,\u00a0<strong>Fast&amp;Easy<\/strong>\u00a0deixar\u00e0 de tractar les dades, excepte per motius leg\u00edtims imperiosos, o lexercici o la defensa de possibles reclamacions.<\/li><\/ul><p>Vost\u00e8 podr\u00e0 exercir materialment els seus drets de la manera seg\u00fcent:<\/p><p>-Per correu electr\u00f2nic adjuntant c\u00f2pia del seu DNI a: INFO@FASTEASY.ES<\/p><p>-Per correu postal: Carrer Marina, Nau 1. Poligono Industrial Feliu Vila, Premia de Dalt, adjuntant fotoc\u00f2pia del seu DNI.<\/p><p>-A l&#039;adre\u00e7a de correu electr\u00f2nic i correu postal indicada, us proporcionarem els formularis corresponents per exercitar materialment aquests drets.<\/p><ul><li>Si heu atorgat el vostre consentiment per a alguna finalitat concreta, teniu dret a retirar el consentiment atorgat en qualsevol moment, sense que aix\u00f2 afecti la licitud del tractament basat en el vostre consentiment previ a la seva retirada.<\/li><li>En cas que consideri vulnerats els seus drets perqu\u00e8 es refereix a la protecci\u00f3 de les seves dades personals, especialment quan no hagi obtingut satisfacci\u00f3 en l&#039;exercici dels seus drets, pot presentar una reclamaci\u00f3 davant de l&#039;Autoritat de Control en mat\u00e8ria de protecci\u00f3 de dades competent a a trav\u00e9s del lloc web: www.agpd.es.<\/li><\/ul>\t\t\t\t\t\t\t\t<\/div>\n\t\t\t\t<\/div>\n\t\t\t\t<div class=\"elementor-element elementor-element-4cf9945 elementor-widget elementor-widget-heading\" data-id=\"4cf9945\" data-element_type=\"widget\" data-e-type=\"widget\" data-widget_type=\"heading.default\">\n\t\t\t\t<div class=\"elementor-widget-container\">\n\t\t\t\t\t<h2 class=\"elementor-heading-title elementor-size-default\">Com hem obtingut les vostres dades?\n\n\n\n<\/h2>\t\t\t\t<\/div>\n\t\t\t\t<\/div>\n\t\t\t\t<div class=\"elementor-element elementor-element-543cd3ad elementor-widget elementor-widget-text-editor\" data-id=\"543cd3ad\" data-element_type=\"widget\" data-e-type=\"widget\" data-widget_type=\"text-editor.default\">\n\t\t\t\t<div class=\"elementor-widget-container\">\n\t\t\t\t\t\t\t\t\t<ul><li>Les dades personals que tractem a <strong>Fast&amp;Easy<\/strong> procedeixen dels mateixos interessats o del seu representant legal.<\/li><li>Us recordem que no heu de facilitar dades de tercers llevat que se&#039;n tingui autoritzaci\u00f3 i se&#039;ls hagi informat pr\u00e8viament.<\/li><\/ul>\t\t\t\t\t\t\t\t<\/div>\n\t\t\t\t<\/div>\n\t\t\t\t<div class=\"elementor-element elementor-element-1909e951 elementor-widget elementor-widget-heading\" data-id=\"1909e951\" data-element_type=\"widget\" data-e-type=\"widget\" data-widget_type=\"heading.default\">\n\t\t\t\t<div class=\"elementor-widget-container\">\n\t\t\t\t\t<h2 class=\"elementor-heading-title elementor-size-default\">CONSENTIMENT IMATGE PERSONAL\n\n\n\n\n<\/h2>\t\t\t\t<\/div>\n\t\t\t\t<\/div>\n\t\t\t\t<div class=\"elementor-element elementor-element-69066c69 elementor-widget elementor-widget-text-editor\" data-id=\"69066c69\" data-element_type=\"widget\" data-e-type=\"widget\" data-widget_type=\"text-editor.default\">\n\t\t\t\t<div class=\"elementor-widget-container\">\n\t\t\t\t\t\t\t\t\t<p>Totes les persones que apareixen a les fotografies del lloc web, han donat el seu consentiment. En el cas dels menors d&#039;edat, els seus pares han estat els que han facilitat aquest consentiment.<\/p>\t\t\t\t\t\t\t\t<\/div>\n\t\t\t\t<\/div>\n\t\t\t\t\t<\/div>\n\t\t<\/div>\n\t\t\t\t\t<\/div>\n\t\t<\/section>\n\t\t<div class=\"elementor-element elementor-element-2c7fc0c e-flex e-con-boxed e-con e-parent\" data-id=\"2c7fc0c\" data-element_type=\"container\" data-e-type=\"container\">\n\t\t\t\t\t<div class=\"e-con-inner\">\n\t\t\t\t<div class=\"elementor-element elementor-element-529b51b elementor-widget elementor-widget-spacer\" data-id=\"529b51b\" data-element_type=\"widget\" data-e-type=\"widget\" data-widget_type=\"spacer.default\">\n\t\t\t\t<div class=\"elementor-widget-container\">\n\t\t\t\t\t\t\t<div class=\"elementor-spacer\">\n\t\t\t<div class=\"elementor-spacer-inner\"><\/div>\n\t\t<\/div>\n\t\t\t\t\t\t<\/div>\n\t\t\t\t<\/div>\n\t\t\t\t\t<\/div>\n\t\t\t\t<\/div>\n\t\t\t\t<\/div>","protected":false},"excerpt":{"rendered":"<p>Pol\u00edtica de privadesa Ivan Perez Prieto, en endavant Fast&amp;Easy, treballem per garantir la privadesa en el tractament de les seves dades personals. Hem actualitzat la nostra Pol\u00edtica de Privadesa per informar clarament de com recauem, utilitzem i custodiem les dades de les persones que contacten amb la nostra empresa: Responsable del tractament Finalitats del tractament de dades Per\u00edode [\u2026]<\/p>","protected":false},"author":1,"featured_media":0,"parent":0,"menu_order":0,"comment_status":"closed","ping_status":"closed","template":"","meta":{"footnotes":""},"class_list":["post-272","page","type-page","status-publish","hentry"],"_links":{"self":[{"href":"https:\/\/www.fasteasy.es\/ca\/wp-json\/wp\/v2\/pages\/272","targetHints":{"allow":["GET"]}}],"collection":[{"href":"https:\/\/www.fasteasy.es\/ca\/wp-json\/wp\/v2\/pages"}],"about":[{"href":"https:\/\/www.fasteasy.es\/ca\/wp-json\/wp\/v2\/types\/page"}],"author":[{"embeddable":true,"href":"https:\/\/www.fasteasy.es\/ca\/wp-json\/wp\/v2\/users\/1"}],"replies":[{"embeddable":true,"href":"https:\/\/www.fasteasy.es\/ca\/wp-json\/wp\/v2\/comments?post=272"}],"version-history":[{"count":13,"href":"https:\/\/www.fasteasy.es\/ca\/wp-json\/wp\/v2\/pages\/272\/revisions"}],"predecessor-version":[{"id":387,"href":"https:\/\/www.fasteasy.es\/ca\/wp-json\/wp\/v2\/pages\/272\/revisions\/387"}],"wp:attachment":[{"href":"https:\/\/www.fasteasy.es\/ca\/wp-json\/wp\/v2\/media?parent=272"}],"curies":[{"name":"wp","href":"https:\/\/api.w.org\/{rel}","templated":true}]}}